{"id":6798,"date":"2019-12-15T01:08:00","date_gmt":"2019-12-15T00:08:00","guid":{"rendered":"https:\/\/www.feuerwehr-poing.de\/?post_type=einsatz&#038;p=6798"},"modified":"2019-12-15T12:05:03","modified_gmt":"2019-12-15T11:05:03","slug":"verkehrsunfall-mit-pkw-person-eingeklemmt","status":"publish","type":"einsatz","link":"https:\/\/www.feuerwehr-poing.de\/?einsatz=verkehrsunfall-mit-pkw-person-eingeklemmt","title":{"rendered":"Verkehrsunfall mit PKW, Person eingeklemmt"},"content":{"rendered":"<p>Zusammen mit der Feuerwehr Parsdorf alarmiert uns die Leitstelle zu einem Verkehrsunfall mit einer eingeklemmten Person auf die BAB94 Fahrtrichtung Passau. Ein PKW fuhr in den Fahrbahnteiler an der Ausfahrt Markt Schwaben. Der Fahrer wurde durch die Feuerwehr Parsdorf aus dem Fahrzeug befreit, wir unterst\u00fctzen mit Beleuchtung. Nach Aussage des Fahrers befanden sich noch zwei bis drei weitere Personen im Fahrzeug, darum suchten wir mit den W\u00e4rmebildkameras unserer beiden L\u00f6schgruppenfahrzeuge die Umgebung ab. Dabei wurden wir nach kurzer Zeit durch einen Polizeihubschrauber unterst\u00fctzt. Die Aussage des Fahrers konnte aber nicht best\u00e4tigt werden, es wurden keine weiteren Personen aufgefunden. Nach ca. einer Stunde wurden wir durch die Feuerwehr Parsdorf aus dem Einsatz herausgel\u00f6st.<\/p>\n<p><img loading=\"lazy\" decoding=\"async\" class=\"alignnone size-large wp-image-6800\" src=\"https:\/\/www.feuerwehr-poing.de\/wp-content\/uploads\/2019\/12\/2BD261DF-B45F-47A5-A348-22A91DAF8AF3-1024x768.jpeg\" alt=\"\" width=\"780\" height=\"585\" srcset=\"https:\/\/www.feuerwehr-poing.de\/wp-content\/uploads\/2019\/12\/2BD261DF-B45F-47A5-A348-22A91DAF8AF3-1024x768.jpeg 1024w, https:\/\/www.feuerwehr-poing.de\/wp-content\/uploads\/2019\/12\/2BD261DF-B45F-47A5-A348-22A91DAF8AF3-300x225.jpeg 300w, https:\/\/www.feuerwehr-poing.de\/wp-content\/uploads\/2019\/12\/2BD261DF-B45F-47A5-A348-22A91DAF8AF3-768x576.jpeg 768w, https:\/\/www.feuerwehr-poing.de\/wp-content\/uploads\/2019\/12\/2BD261DF-B45F-47A5-A348-22A91DAF8AF3.jpeg 1600w\" sizes=\"auto, (max-width: 780px) 100vw, 780px\" \/><img loading=\"lazy\" decoding=\"async\" class=\"alignnone size-large wp-image-6801\" src=\"https:\/\/www.feuerwehr-poing.de\/wp-content\/uploads\/2019\/12\/7BFED979-AA69-47F0-9059-5407365AC738-1024x768.jpeg\" alt=\"\" width=\"780\" height=\"585\" srcset=\"https:\/\/www.feuerwehr-poing.de\/wp-content\/uploads\/2019\/12\/7BFED979-AA69-47F0-9059-5407365AC738-1024x768.jpeg 1024w, https:\/\/www.feuerwehr-poing.de\/wp-content\/uploads\/2019\/12\/7BFED979-AA69-47F0-9059-5407365AC738-300x225.jpeg 300w, https:\/\/www.feuerwehr-poing.de\/wp-content\/uploads\/2019\/12\/7BFED979-AA69-47F0-9059-5407365AC738-768x576.jpeg 768w, https:\/\/www.feuerwehr-poing.de\/wp-content\/uploads\/2019\/12\/7BFED979-AA69-47F0-9059-5407365AC738.jpeg 1600w\" sizes=\"auto, (max-width: 780px) 100vw, 780px\" \/><\/p>\n","protected":false},"author":14,"featured_media":6800,"template":"","meta":{"ngg_post_thumbnail":0,"einsatz_weight":1,"footnotes":""},"categories":[],"tags":[],"einsatzart":[228],"fahrzeug":[230,17,18,19,22],"exteinsatzmittel":[],"alarmierungsart":[],"evw_unit":[],"class_list":["post-6798","einsatz","type-einsatz","status-publish","has-post-thumbnail","hentry","einsatzart-thl-3","fahrzeug-florian-poing-11-1","fahrzeug-florian-poing-401","fahrzeug-florian-poing-411","fahrzeug-florian-poing-611","fahrzeug-vsa"],"yoast_head":"<!-- This site is optimized with the Yoast SEO plugin v27.4 - https:\/\/yoast.com\/product\/yoast-seo-wordpress\/ -->\n<title>Verkehrsunfall mit PKW, Person eingeklemmt - Freiwillige Feuerwehr Poing<\/title>\n<meta name=\"robots\" content=\"index, follow, max-snippet:-1, max-image-preview:large, max-video-preview:-1\" \/>\n<link rel=\"canonical\" href=\"https:\/\/www.feuerwehr-poing.de\/?einsatz=verkehrsunfall-mit-pkw-person-eingeklemmt\" \/>\n<meta property=\"og:locale\" content=\"de_DE\" \/>\n<meta property=\"og:type\" content=\"article\" \/>\n<meta property=\"og:title\" content=\"Verkehrsunfall mit PKW, Person eingeklemmt - Freiwillige Feuerwehr Poing\" \/>\n<meta property=\"og:description\" content=\"Zusammen mit der Feuerwehr Parsdorf alarmiert uns die Leitstelle zu einem Verkehrsunfall mit einer eingeklemmten Person auf die BAB94 Fahrtrichtung Passau. Ein PKW fuhr in den Fahrbahnteiler an der Ausfahrt Markt Schwaben. Der Fahrer wurde durch die Feuerwehr Parsdorf aus dem Fahrzeug befreit, wir unterst\u00fctzen mit Beleuchtung. Nach Aussage des Fahrers befanden sich noch zwei [mehr]\" \/>\n<meta property=\"og:url\" content=\"https:\/\/www.feuerwehr-poing.de\/?einsatz=verkehrsunfall-mit-pkw-person-eingeklemmt\" \/>\n<meta property=\"og:site_name\" content=\"Freiwillige Feuerwehr Poing\" \/>\n<meta property=\"article:modified_time\" content=\"2019-12-15T11:05:03+00:00\" \/>\n<meta property=\"og:image\" content=\"https:\/\/www.feuerwehr-poing.de\/wp-content\/uploads\/2019\/12\/2BD261DF-B45F-47A5-A348-22A91DAF8AF3.jpeg\" \/>\n\t<meta property=\"og:image:width\" content=\"1600\" \/>\n\t<meta property=\"og:image:height\" content=\"1200\" \/>\n\t<meta property=\"og:image:type\" content=\"image\/jpeg\" \/>\n<meta name=\"twitter:card\" content=\"summary_large_image\" \/>\n<meta name=\"twitter:label1\" content=\"Gesch\u00e4tzte Lesezeit\" \/>\n\t<meta name=\"twitter:data1\" content=\"1\u00a0Minute\" \/>\n<script type=\"application\/ld+json\" class=\"yoast-schema-graph\">{\"@context\":\"https:\\\/\\\/schema.org\",\"@graph\":[{\"@type\":\"WebPage\",\"@id\":\"https:\\\/\\\/www.feuerwehr-poing.de\\\/?einsatz=verkehrsunfall-mit-pkw-person-eingeklemmt\",\"url\":\"https:\\\/\\\/www.feuerwehr-poing.de\\\/?einsatz=verkehrsunfall-mit-pkw-person-eingeklemmt\",\"name\":\"Verkehrsunfall mit PKW, Person eingeklemmt - Freiwillige Feuerwehr Poing\",\"isPartOf\":{\"@id\":\"https:\\\/\\\/www.feuerwehr-poing.de\\\/#website\"},\"primaryImageOfPage\":{\"@id\":\"https:\\\/\\\/www.feuerwehr-poing.de\\\/?einsatz=verkehrsunfall-mit-pkw-person-eingeklemmt#primaryimage\"},\"image\":{\"@id\":\"https:\\\/\\\/www.feuerwehr-poing.de\\\/?einsatz=verkehrsunfall-mit-pkw-person-eingeklemmt#primaryimage\"},\"thumbnailUrl\":\"https:\\\/\\\/www.feuerwehr-poing.de\\\/wp-content\\\/uploads\\\/2019\\\/12\\\/2BD261DF-B45F-47A5-A348-22A91DAF8AF3.jpeg\",\"datePublished\":\"2019-12-15T00:08:00+00:00\",\"dateModified\":\"2019-12-15T11:05:03+00:00\",\"breadcrumb\":{\"@id\":\"https:\\\/\\\/www.feuerwehr-poing.de\\\/?einsatz=verkehrsunfall-mit-pkw-person-eingeklemmt#breadcrumb\"},\"inLanguage\":\"de\",\"potentialAction\":[{\"@type\":\"ReadAction\",\"target\":[\"https:\\\/\\\/www.feuerwehr-poing.de\\\/?einsatz=verkehrsunfall-mit-pkw-person-eingeklemmt\"]}]},{\"@type\":\"ImageObject\",\"inLanguage\":\"de\",\"@id\":\"https:\\\/\\\/www.feuerwehr-poing.de\\\/?einsatz=verkehrsunfall-mit-pkw-person-eingeklemmt#primaryimage\",\"url\":\"https:\\\/\\\/www.feuerwehr-poing.de\\\/wp-content\\\/uploads\\\/2019\\\/12\\\/2BD261DF-B45F-47A5-A348-22A91DAF8AF3.jpeg\",\"contentUrl\":\"https:\\\/\\\/www.feuerwehr-poing.de\\\/wp-content\\\/uploads\\\/2019\\\/12\\\/2BD261DF-B45F-47A5-A348-22A91DAF8AF3.jpeg\",\"width\":1600,\"height\":1200},{\"@type\":\"BreadcrumbList\",\"@id\":\"https:\\\/\\\/www.feuerwehr-poing.de\\\/?einsatz=verkehrsunfall-mit-pkw-person-eingeklemmt#breadcrumb\",\"itemListElement\":[{\"@type\":\"ListItem\",\"position\":1,\"name\":\"Startseite\",\"item\":\"https:\\\/\\\/www.feuerwehr-poing.de\\\/\"},{\"@type\":\"ListItem\",\"position\":2,\"name\":\"Einsatzberichte\",\"item\":\"https:\\\/\\\/www.feuerwehr-poing.de\\\/?post_type=einsatz\"},{\"@type\":\"ListItem\",\"position\":3,\"name\":\"Verkehrsunfall mit PKW, Person eingeklemmt\"}]},{\"@type\":\"WebSite\",\"@id\":\"https:\\\/\\\/www.feuerwehr-poing.de\\\/#website\",\"url\":\"https:\\\/\\\/www.feuerwehr-poing.de\\\/\",\"name\":\"Freiwillige Feuerwehr Poing\",\"description\":\"Retten - L\u00f6schen - Sch\u00fctzen - Bergen\",\"potentialAction\":[{\"@type\":\"SearchAction\",\"target\":{\"@type\":\"EntryPoint\",\"urlTemplate\":\"https:\\\/\\\/www.feuerwehr-poing.de\\\/?s={search_term_string}\"},\"query-input\":{\"@type\":\"PropertyValueSpecification\",\"valueRequired\":true,\"valueName\":\"search_term_string\"}}],\"inLanguage\":\"de\"}]}<\/script>\n<!-- \/ Yoast SEO plugin. -->","yoast_head_json":{"title":"Verkehrsunfall mit PKW, Person eingeklemmt - Freiwillige Feuerwehr Poing","robots":{"index":"index","follow":"follow","max-snippet":"max-snippet:-1","max-image-preview":"max-image-preview:large","max-video-preview":"max-video-preview:-1"},"canonical":"https:\/\/www.feuerwehr-poing.de\/?einsatz=verkehrsunfall-mit-pkw-person-eingeklemmt","og_locale":"de_DE","og_type":"article","og_title":"Verkehrsunfall mit PKW, Person eingeklemmt - Freiwillige Feuerwehr Poing","og_description":"Zusammen mit der Feuerwehr Parsdorf alarmiert uns die Leitstelle zu einem Verkehrsunfall mit einer eingeklemmten Person auf die BAB94 Fahrtrichtung Passau. Ein PKW fuhr in den Fahrbahnteiler an der Ausfahrt Markt Schwaben. Der Fahrer wurde durch die Feuerwehr Parsdorf aus dem Fahrzeug befreit, wir unterst\u00fctzen mit Beleuchtung. Nach Aussage des Fahrers befanden sich noch zwei [mehr]","og_url":"https:\/\/www.feuerwehr-poing.de\/?einsatz=verkehrsunfall-mit-pkw-person-eingeklemmt","og_site_name":"Freiwillige Feuerwehr Poing","article_modified_time":"2019-12-15T11:05:03+00:00","og_image":[{"width":1600,"height":1200,"url":"https:\/\/www.feuerwehr-poing.de\/wp-content\/uploads\/2019\/12\/2BD261DF-B45F-47A5-A348-22A91DAF8AF3.jpeg","type":"image\/jpeg"}],"twitter_card":"summary_large_image","twitter_misc":{"Gesch\u00e4tzte Lesezeit":"1\u00a0Minute"},"schema":{"@context":"https:\/\/schema.org","@graph":[{"@type":"WebPage","@id":"https:\/\/www.feuerwehr-poing.de\/?einsatz=verkehrsunfall-mit-pkw-person-eingeklemmt","url":"https:\/\/www.feuerwehr-poing.de\/?einsatz=verkehrsunfall-mit-pkw-person-eingeklemmt","name":"Verkehrsunfall mit PKW, Person eingeklemmt - Freiwillige Feuerwehr Poing","isPartOf":{"@id":"https:\/\/www.feuerwehr-poing.de\/#website"},"primaryImageOfPage":{"@id":"https:\/\/www.feuerwehr-poing.de\/?einsatz=verkehrsunfall-mit-pkw-person-eingeklemmt#primaryimage"},"image":{"@id":"https:\/\/www.feuerwehr-poing.de\/?einsatz=verkehrsunfall-mit-pkw-person-eingeklemmt#primaryimage"},"thumbnailUrl":"https:\/\/www.feuerwehr-poing.de\/wp-content\/uploads\/2019\/12\/2BD261DF-B45F-47A5-A348-22A91DAF8AF3.jpeg","datePublished":"2019-12-15T00:08:00+00:00","dateModified":"2019-12-15T11:05:03+00:00","breadcrumb":{"@id":"https:\/\/www.feuerwehr-poing.de\/?einsatz=verkehrsunfall-mit-pkw-person-eingeklemmt#breadcrumb"},"inLanguage":"de","potentialAction":[{"@type":"ReadAction","target":["https:\/\/www.feuerwehr-poing.de\/?einsatz=verkehrsunfall-mit-pkw-person-eingeklemmt"]}]},{"@type":"ImageObject","inLanguage":"de","@id":"https:\/\/www.feuerwehr-poing.de\/?einsatz=verkehrsunfall-mit-pkw-person-eingeklemmt#primaryimage","url":"https:\/\/www.feuerwehr-poing.de\/wp-content\/uploads\/2019\/12\/2BD261DF-B45F-47A5-A348-22A91DAF8AF3.jpeg","contentUrl":"https:\/\/www.feuerwehr-poing.de\/wp-content\/uploads\/2019\/12\/2BD261DF-B45F-47A5-A348-22A91DAF8AF3.jpeg","width":1600,"height":1200},{"@type":"BreadcrumbList","@id":"https:\/\/www.feuerwehr-poing.de\/?einsatz=verkehrsunfall-mit-pkw-person-eingeklemmt#breadcrumb","itemListElement":[{"@type":"ListItem","position":1,"name":"Startseite","item":"https:\/\/www.feuerwehr-poing.de\/"},{"@type":"ListItem","position":2,"name":"Einsatzberichte","item":"https:\/\/www.feuerwehr-poing.de\/?post_type=einsatz"},{"@type":"ListItem","position":3,"name":"Verkehrsunfall mit PKW, Person eingeklemmt"}]},{"@type":"WebSite","@id":"https:\/\/www.feuerwehr-poing.de\/#website","url":"https:\/\/www.feuerwehr-poing.de\/","name":"Freiwillige Feuerwehr Poing","description":"Retten - L\u00f6schen - Sch\u00fctzen - Bergen","potentialAction":[{"@type":"SearchAction","target":{"@type":"EntryPoint","urlTemplate":"https:\/\/www.feuerwehr-poing.de\/?s={search_term_string}"},"query-input":{"@type":"PropertyValueSpecification","valueRequired":true,"valueName":"search_term_string"}}],"inLanguage":"de"}]}},"_links":{"self":[{"href":"https:\/\/www.feuerwehr-poing.de\/index.php?rest_route=\/wp\/v2\/einsatz\/6798","targetHints":{"allow":["GET"]}}],"collection":[{"href":"https:\/\/www.feuerwehr-poing.de\/index.php?rest_route=\/wp\/v2\/einsatz"}],"about":[{"href":"https:\/\/www.feuerwehr-poing.de\/index.php?rest_route=\/wp\/v2\/types\/einsatz"}],"author":[{"embeddable":true,"href":"https:\/\/www.feuerwehr-poing.de\/index.php?rest_route=\/wp\/v2\/users\/14"}],"version-history":[{"count":3,"href":"https:\/\/www.feuerwehr-poing.de\/index.php?rest_route=\/wp\/v2\/einsatz\/6798\/revisions"}],"predecessor-version":[{"id":6808,"href":"https:\/\/www.feuerwehr-poing.de\/index.php?rest_route=\/wp\/v2\/einsatz\/6798\/revisions\/6808"}],"wp:featuredmedia":[{"embeddable":true,"href":"https:\/\/www.feuerwehr-poing.de\/index.php?rest_route=\/wp\/v2\/media\/6800"}],"wp:attachment":[{"href":"https:\/\/www.feuerwehr-poing.de\/index.php?rest_route=%2Fwp%2Fv2%2Fmedia&parent=6798"}],"wp:term":[{"taxonomy":"category","embeddable":true,"href":"https:\/\/www.feuerwehr-poing.de\/index.php?rest_route=%2Fwp%2Fv2%2Fcategories&post=6798"},{"taxonomy":"post_tag","embeddable":true,"href":"https:\/\/www.feuerwehr-poing.de\/index.php?rest_route=%2Fwp%2Fv2%2Ftags&post=6798"},{"taxonomy":"einsatzart","embeddable":true,"href":"https:\/\/www.feuerwehr-poing.de\/index.php?rest_route=%2Fwp%2Fv2%2Feinsatzart&post=6798"},{"taxonomy":"fahrzeug","embeddable":true,"href":"https:\/\/www.feuerwehr-poing.de\/index.php?rest_route=%2Fwp%2Fv2%2Ffahrzeug&post=6798"},{"taxonomy":"exteinsatzmittel","embeddable":true,"href":"https:\/\/www.feuerwehr-poing.de\/index.php?rest_route=%2Fwp%2Fv2%2Fexteinsatzmittel&post=6798"},{"taxonomy":"alarmierungsart","embeddable":true,"href":"https:\/\/www.feuerwehr-poing.de\/index.php?rest_route=%2Fwp%2Fv2%2Falarmierungsart&post=6798"},{"taxonomy":"evw_unit","embeddable":true,"href":"https:\/\/www.feuerwehr-poing.de\/index.php?rest_route=%2Fwp%2Fv2%2Fevw_unit&post=6798"}],"curies":[{"name":"wp","href":"https:\/\/api.w.org\/{rel}","templated":true}]}}