{"id":6412,"date":"2019-08-16T13:54:00","date_gmt":"2019-08-16T11:54:00","guid":{"rendered":"https:\/\/www.feuerwehr-poing.de\/?post_type=einsatz&#038;p=6412"},"modified":"2019-08-16T21:38:46","modified_gmt":"2019-08-16T19:38:46","slug":"verkehrsunfall-lkw-person-eingeklemmt","status":"publish","type":"einsatz","link":"https:\/\/www.feuerwehr-poing.de\/?einsatz=verkehrsunfall-lkw-person-eingeklemmt","title":{"rendered":"Verkehrsunfall LKW, Person eingeklemmt"},"content":{"rendered":"<p>Bei Gartenarbeiten mit einem kleinem Traktor st\u00fcrzt dieser um und klemmt den Fahrer ein. Wir r\u00fccken zur Unterst\u00fctzung mit zwei Fahrzeugen an. Die bereits anwesenden Feuerwehren aus Gelting, Pliening und Finsing k\u00fcmmern sich um die Rettung des Fahrers.<\/p>\n<p>Wir bekommen den Auftrag, die Landung des Rettungshubschraubers abzusichern, dazu wird auch die Markt-Schwabener-Stra\u00dfe kurzzeitig gesperrt.&nbsp;Mit schweren Verletzungen wird der Fahrer an der Einsatzstelle vom Rettungsdienst erstversorgt und mit dem Hubschrauber in ein Krankenhaus geflogen.<\/p>\n<p>Nach Start des Hubschraubers heben wir die Sperrung auf und r\u00fccken wieder ein.<\/p>\n<p>Der <a href=\"https:\/\/www.merkur.de\/lokales\/ebersberg\/pliening-ort377251\/gelting-traktor-kippt-um-verletzter-fahrer-mit-hubschrauber-abtransportiert-12919277.html\">M\u00fcnchner Merkur<\/a> berichtet ebenfalls zu diesem Einsatz.<\/p>\n<p><a href=\"https:\/\/www.feuerwehr-poing.de\/wp-content\/uploads\/2019\/08\/IMG_2244.jpg\"><img loading=\"lazy\" decoding=\"async\" class=\"alignright size-large wp-image-6416\" src=\"https:\/\/www.feuerwehr-poing.de\/wp-content\/uploads\/2019\/08\/IMG_2244-1024x768.jpg\" alt=\"RTH Christoph M\u00fcnchen\" width=\"780\" height=\"585\" srcset=\"https:\/\/www.feuerwehr-poing.de\/wp-content\/uploads\/2019\/08\/IMG_2244-1024x768.jpg 1024w, https:\/\/www.feuerwehr-poing.de\/wp-content\/uploads\/2019\/08\/IMG_2244-300x225.jpg 300w, https:\/\/www.feuerwehr-poing.de\/wp-content\/uploads\/2019\/08\/IMG_2244-768x576.jpg 768w, https:\/\/www.feuerwehr-poing.de\/wp-content\/uploads\/2019\/08\/IMG_2244.jpg 1920w\" sizes=\"auto, (max-width: 780px) 100vw, 780px\" \/><\/a><\/p>\n<p><a href=\"https:\/\/www.feuerwehr-poing.de\/wp-content\/uploads\/2019\/08\/IMG_6198.jpg\"><img loading=\"lazy\" decoding=\"async\" class=\"size-large wp-image-6415 alignleft\" src=\"https:\/\/www.feuerwehr-poing.de\/wp-content\/uploads\/2019\/08\/IMG_6198-1024x768.jpg\" alt=\"RTH Christoph M\u00fcnchen\" width=\"780\" height=\"585\" srcset=\"https:\/\/www.feuerwehr-poing.de\/wp-content\/uploads\/2019\/08\/IMG_6198-1024x768.jpg 1024w, https:\/\/www.feuerwehr-poing.de\/wp-content\/uploads\/2019\/08\/IMG_6198-300x225.jpg 300w, https:\/\/www.feuerwehr-poing.de\/wp-content\/uploads\/2019\/08\/IMG_6198-768x576.jpg 768w, https:\/\/www.feuerwehr-poing.de\/wp-content\/uploads\/2019\/08\/IMG_6198.jpg 1920w\" sizes=\"auto, (max-width: 780px) 100vw, 780px\" \/><\/a><\/p>\n","protected":false},"author":18,"featured_media":6416,"template":"","meta":{"ngg_post_thumbnail":0,"einsatz_weight":1,"footnotes":""},"categories":[],"tags":[],"einsatzart":[],"fahrzeug":[17,19],"exteinsatzmittel":[44,35,138,24,136,41,40,55],"alarmierungsart":[],"evw_unit":[],"class_list":["post-6412","einsatz","type-einsatz","status-publish","has-post-thumbnail","hentry","fahrzeug-florian-poing-401","fahrzeug-florian-poing-611","exteinsatzmittel-ebe-land-3","exteinsatzmittel-ebe-land-32","exteinsatzmittel-ff-finsing","exteinsatzmittel-ffw-gelting","exteinsatzmittel-ff-pliening","exteinsatzmittel-polizei","exteinsatzmittel-rettungsdienst","exteinsatzmittel-rth-christoph-muenchen"],"yoast_head":"<!-- This site is optimized with the Yoast SEO plugin v27.4 - https:\/\/yoast.com\/product\/yoast-seo-wordpress\/ -->\n<title>Verkehrsunfall LKW, Person eingeklemmt - Freiwillige Feuerwehr Poing<\/title>\n<meta name=\"robots\" content=\"index, follow, max-snippet:-1, max-image-preview:large, max-video-preview:-1\" \/>\n<link rel=\"canonical\" href=\"https:\/\/www.feuerwehr-poing.de\/?einsatz=verkehrsunfall-lkw-person-eingeklemmt\" \/>\n<meta property=\"og:locale\" content=\"de_DE\" \/>\n<meta property=\"og:type\" content=\"article\" \/>\n<meta property=\"og:title\" content=\"Verkehrsunfall LKW, Person eingeklemmt - Freiwillige Feuerwehr Poing\" \/>\n<meta property=\"og:description\" content=\"Bei Gartenarbeiten mit einem kleinem Traktor st\u00fcrzt dieser um und klemmt den Fahrer ein. Wir r\u00fccken zur Unterst\u00fctzung mit zwei Fahrzeugen an. Die bereits anwesenden Feuerwehren aus Gelting, Pliening und Finsing k\u00fcmmern sich um die Rettung des Fahrers. Wir bekommen den Auftrag, die Landung des Rettungshubschraubers abzusichern, dazu wird auch die Markt-Schwabener-Stra\u00dfe kurzzeitig gesperrt.&nbsp;Mit schweren [mehr]\" \/>\n<meta property=\"og:url\" content=\"https:\/\/www.feuerwehr-poing.de\/?einsatz=verkehrsunfall-lkw-person-eingeklemmt\" \/>\n<meta property=\"og:site_name\" content=\"Freiwillige Feuerwehr Poing\" \/>\n<meta property=\"article:modified_time\" content=\"2019-08-16T19:38:46+00:00\" \/>\n<meta property=\"og:image\" content=\"https:\/\/www.feuerwehr-poing.de\/wp-content\/uploads\/2019\/08\/IMG_2244.jpg\" \/>\n\t<meta property=\"og:image:width\" content=\"1920\" \/>\n\t<meta property=\"og:image:height\" content=\"1440\" \/>\n\t<meta property=\"og:image:type\" content=\"image\/jpeg\" \/>\n<meta name=\"twitter:card\" content=\"summary_large_image\" \/>\n<meta name=\"twitter:label1\" content=\"Gesch\u00e4tzte Lesezeit\" \/>\n\t<meta name=\"twitter:data1\" content=\"1\u00a0Minute\" \/>\n<script type=\"application\/ld+json\" class=\"yoast-schema-graph\">{\"@context\":\"https:\\\/\\\/schema.org\",\"@graph\":[{\"@type\":\"WebPage\",\"@id\":\"https:\\\/\\\/www.feuerwehr-poing.de\\\/?einsatz=verkehrsunfall-lkw-person-eingeklemmt\",\"url\":\"https:\\\/\\\/www.feuerwehr-poing.de\\\/?einsatz=verkehrsunfall-lkw-person-eingeklemmt\",\"name\":\"Verkehrsunfall LKW, Person eingeklemmt - Freiwillige Feuerwehr Poing\",\"isPartOf\":{\"@id\":\"https:\\\/\\\/www.feuerwehr-poing.de\\\/#website\"},\"primaryImageOfPage\":{\"@id\":\"https:\\\/\\\/www.feuerwehr-poing.de\\\/?einsatz=verkehrsunfall-lkw-person-eingeklemmt#primaryimage\"},\"image\":{\"@id\":\"https:\\\/\\\/www.feuerwehr-poing.de\\\/?einsatz=verkehrsunfall-lkw-person-eingeklemmt#primaryimage\"},\"thumbnailUrl\":\"https:\\\/\\\/www.feuerwehr-poing.de\\\/wp-content\\\/uploads\\\/2019\\\/08\\\/IMG_2244.jpg\",\"datePublished\":\"2019-08-16T11:54:00+00:00\",\"dateModified\":\"2019-08-16T19:38:46+00:00\",\"breadcrumb\":{\"@id\":\"https:\\\/\\\/www.feuerwehr-poing.de\\\/?einsatz=verkehrsunfall-lkw-person-eingeklemmt#breadcrumb\"},\"inLanguage\":\"de\",\"potentialAction\":[{\"@type\":\"ReadAction\",\"target\":[\"https:\\\/\\\/www.feuerwehr-poing.de\\\/?einsatz=verkehrsunfall-lkw-person-eingeklemmt\"]}]},{\"@type\":\"ImageObject\",\"inLanguage\":\"de\",\"@id\":\"https:\\\/\\\/www.feuerwehr-poing.de\\\/?einsatz=verkehrsunfall-lkw-person-eingeklemmt#primaryimage\",\"url\":\"https:\\\/\\\/www.feuerwehr-poing.de\\\/wp-content\\\/uploads\\\/2019\\\/08\\\/IMG_2244.jpg\",\"contentUrl\":\"https:\\\/\\\/www.feuerwehr-poing.de\\\/wp-content\\\/uploads\\\/2019\\\/08\\\/IMG_2244.jpg\",\"width\":1920,\"height\":1440,\"caption\":\"RTH Christoph M\u00fcnchen\"},{\"@type\":\"BreadcrumbList\",\"@id\":\"https:\\\/\\\/www.feuerwehr-poing.de\\\/?einsatz=verkehrsunfall-lkw-person-eingeklemmt#breadcrumb\",\"itemListElement\":[{\"@type\":\"ListItem\",\"position\":1,\"name\":\"Startseite\",\"item\":\"https:\\\/\\\/www.feuerwehr-poing.de\\\/\"},{\"@type\":\"ListItem\",\"position\":2,\"name\":\"Einsatzberichte\",\"item\":\"https:\\\/\\\/www.feuerwehr-poing.de\\\/?post_type=einsatz\"},{\"@type\":\"ListItem\",\"position\":3,\"name\":\"Verkehrsunfall LKW, Person eingeklemmt\"}]},{\"@type\":\"WebSite\",\"@id\":\"https:\\\/\\\/www.feuerwehr-poing.de\\\/#website\",\"url\":\"https:\\\/\\\/www.feuerwehr-poing.de\\\/\",\"name\":\"Freiwillige Feuerwehr Poing\",\"description\":\"Retten - L\u00f6schen - Sch\u00fctzen - Bergen\",\"potentialAction\":[{\"@type\":\"SearchAction\",\"target\":{\"@type\":\"EntryPoint\",\"urlTemplate\":\"https:\\\/\\\/www.feuerwehr-poing.de\\\/?s={search_term_string}\"},\"query-input\":{\"@type\":\"PropertyValueSpecification\",\"valueRequired\":true,\"valueName\":\"search_term_string\"}}],\"inLanguage\":\"de\"}]}<\/script>\n<!-- \/ Yoast SEO plugin. -->","yoast_head_json":{"title":"Verkehrsunfall LKW, Person eingeklemmt - Freiwillige Feuerwehr Poing","robots":{"index":"index","follow":"follow","max-snippet":"max-snippet:-1","max-image-preview":"max-image-preview:large","max-video-preview":"max-video-preview:-1"},"canonical":"https:\/\/www.feuerwehr-poing.de\/?einsatz=verkehrsunfall-lkw-person-eingeklemmt","og_locale":"de_DE","og_type":"article","og_title":"Verkehrsunfall LKW, Person eingeklemmt - Freiwillige Feuerwehr Poing","og_description":"Bei Gartenarbeiten mit einem kleinem Traktor st\u00fcrzt dieser um und klemmt den Fahrer ein. Wir r\u00fccken zur Unterst\u00fctzung mit zwei Fahrzeugen an. Die bereits anwesenden Feuerwehren aus Gelting, Pliening und Finsing k\u00fcmmern sich um die Rettung des Fahrers. Wir bekommen den Auftrag, die Landung des Rettungshubschraubers abzusichern, dazu wird auch die Markt-Schwabener-Stra\u00dfe kurzzeitig gesperrt.&nbsp;Mit schweren [mehr]","og_url":"https:\/\/www.feuerwehr-poing.de\/?einsatz=verkehrsunfall-lkw-person-eingeklemmt","og_site_name":"Freiwillige Feuerwehr Poing","article_modified_time":"2019-08-16T19:38:46+00:00","og_image":[{"width":1920,"height":1440,"url":"https:\/\/www.feuerwehr-poing.de\/wp-content\/uploads\/2019\/08\/IMG_2244.jpg","type":"image\/jpeg"}],"twitter_card":"summary_large_image","twitter_misc":{"Gesch\u00e4tzte Lesezeit":"1\u00a0Minute"},"schema":{"@context":"https:\/\/schema.org","@graph":[{"@type":"WebPage","@id":"https:\/\/www.feuerwehr-poing.de\/?einsatz=verkehrsunfall-lkw-person-eingeklemmt","url":"https:\/\/www.feuerwehr-poing.de\/?einsatz=verkehrsunfall-lkw-person-eingeklemmt","name":"Verkehrsunfall LKW, Person eingeklemmt - Freiwillige Feuerwehr Poing","isPartOf":{"@id":"https:\/\/www.feuerwehr-poing.de\/#website"},"primaryImageOfPage":{"@id":"https:\/\/www.feuerwehr-poing.de\/?einsatz=verkehrsunfall-lkw-person-eingeklemmt#primaryimage"},"image":{"@id":"https:\/\/www.feuerwehr-poing.de\/?einsatz=verkehrsunfall-lkw-person-eingeklemmt#primaryimage"},"thumbnailUrl":"https:\/\/www.feuerwehr-poing.de\/wp-content\/uploads\/2019\/08\/IMG_2244.jpg","datePublished":"2019-08-16T11:54:00+00:00","dateModified":"2019-08-16T19:38:46+00:00","breadcrumb":{"@id":"https:\/\/www.feuerwehr-poing.de\/?einsatz=verkehrsunfall-lkw-person-eingeklemmt#breadcrumb"},"inLanguage":"de","potentialAction":[{"@type":"ReadAction","target":["https:\/\/www.feuerwehr-poing.de\/?einsatz=verkehrsunfall-lkw-person-eingeklemmt"]}]},{"@type":"ImageObject","inLanguage":"de","@id":"https:\/\/www.feuerwehr-poing.de\/?einsatz=verkehrsunfall-lkw-person-eingeklemmt#primaryimage","url":"https:\/\/www.feuerwehr-poing.de\/wp-content\/uploads\/2019\/08\/IMG_2244.jpg","contentUrl":"https:\/\/www.feuerwehr-poing.de\/wp-content\/uploads\/2019\/08\/IMG_2244.jpg","width":1920,"height":1440,"caption":"RTH Christoph M\u00fcnchen"},{"@type":"BreadcrumbList","@id":"https:\/\/www.feuerwehr-poing.de\/?einsatz=verkehrsunfall-lkw-person-eingeklemmt#breadcrumb","itemListElement":[{"@type":"ListItem","position":1,"name":"Startseite","item":"https:\/\/www.feuerwehr-poing.de\/"},{"@type":"ListItem","position":2,"name":"Einsatzberichte","item":"https:\/\/www.feuerwehr-poing.de\/?post_type=einsatz"},{"@type":"ListItem","position":3,"name":"Verkehrsunfall LKW, Person eingeklemmt"}]},{"@type":"WebSite","@id":"https:\/\/www.feuerwehr-poing.de\/#website","url":"https:\/\/www.feuerwehr-poing.de\/","name":"Freiwillige Feuerwehr Poing","description":"Retten - L\u00f6schen - Sch\u00fctzen - Bergen","potentialAction":[{"@type":"SearchAction","target":{"@type":"EntryPoint","urlTemplate":"https:\/\/www.feuerwehr-poing.de\/?s={search_term_string}"},"query-input":{"@type":"PropertyValueSpecification","valueRequired":true,"valueName":"search_term_string"}}],"inLanguage":"de"}]}},"_links":{"self":[{"href":"https:\/\/www.feuerwehr-poing.de\/index.php?rest_route=\/wp\/v2\/einsatz\/6412","targetHints":{"allow":["GET"]}}],"collection":[{"href":"https:\/\/www.feuerwehr-poing.de\/index.php?rest_route=\/wp\/v2\/einsatz"}],"about":[{"href":"https:\/\/www.feuerwehr-poing.de\/index.php?rest_route=\/wp\/v2\/types\/einsatz"}],"author":[{"embeddable":true,"href":"https:\/\/www.feuerwehr-poing.de\/index.php?rest_route=\/wp\/v2\/users\/18"}],"version-history":[{"count":3,"href":"https:\/\/www.feuerwehr-poing.de\/index.php?rest_route=\/wp\/v2\/einsatz\/6412\/revisions"}],"predecessor-version":[{"id":6417,"href":"https:\/\/www.feuerwehr-poing.de\/index.php?rest_route=\/wp\/v2\/einsatz\/6412\/revisions\/6417"}],"wp:featuredmedia":[{"embeddable":true,"href":"https:\/\/www.feuerwehr-poing.de\/index.php?rest_route=\/wp\/v2\/media\/6416"}],"wp:attachment":[{"href":"https:\/\/www.feuerwehr-poing.de\/index.php?rest_route=%2Fwp%2Fv2%2Fmedia&parent=6412"}],"wp:term":[{"taxonomy":"category","embeddable":true,"href":"https:\/\/www.feuerwehr-poing.de\/index.php?rest_route=%2Fwp%2Fv2%2Fcategories&post=6412"},{"taxonomy":"post_tag","embeddable":true,"href":"https:\/\/www.feuerwehr-poing.de\/index.php?rest_route=%2Fwp%2Fv2%2Ftags&post=6412"},{"taxonomy":"einsatzart","embeddable":true,"href":"https:\/\/www.feuerwehr-poing.de\/index.php?rest_route=%2Fwp%2Fv2%2Feinsatzart&post=6412"},{"taxonomy":"fahrzeug","embeddable":true,"href":"https:\/\/www.feuerwehr-poing.de\/index.php?rest_route=%2Fwp%2Fv2%2Ffahrzeug&post=6412"},{"taxonomy":"exteinsatzmittel","embeddable":true,"href":"https:\/\/www.feuerwehr-poing.de\/index.php?rest_route=%2Fwp%2Fv2%2Fexteinsatzmittel&post=6412"},{"taxonomy":"alarmierungsart","embeddable":true,"href":"https:\/\/www.feuerwehr-poing.de\/index.php?rest_route=%2Fwp%2Fv2%2Falarmierungsart&post=6412"},{"taxonomy":"evw_unit","embeddable":true,"href":"https:\/\/www.feuerwehr-poing.de\/index.php?rest_route=%2Fwp%2Fv2%2Fevw_unit&post=6412"}],"curies":[{"name":"wp","href":"https:\/\/api.w.org\/{rel}","templated":true}]}}